{"id":59,"date":"2024-01-13T09:11:51","date_gmt":"2024-01-13T08:11:51","guid":{"rendered":"https:\/\/nelsonrazo.com\/nutricion\/?page_id=59"},"modified":"2024-04-28T06:24:17","modified_gmt":"2024-04-28T04:24:17","slug":"mi-enfoque","status":"publish","type":"page","link":"https:\/\/nelsonrazo.com\/nutricion\/mi-enfoque\/","title":{"rendered":"Mi Enfoque"},"content":{"rendered":"\n<figure class=\"wp-block-image size-large\"><img loading=\"lazy\" decoding=\"async\" width=\"1024\" height=\"533\" src=\"https:\/\/nelsonrazo.com\/nutricion\/wp-content\/uploads\/sites\/2\/2024\/01\/nr_nutri_enfoque01-1024x533.png\" alt=\"\" class=\"wp-image-96\" srcset=\"https:\/\/nelsonrazo.com\/nutricion\/wp-content\/uploads\/sites\/2\/2024\/01\/nr_nutri_enfoque01-1024x533.png 1024w, https:\/\/nelsonrazo.com\/nutricion\/wp-content\/uploads\/sites\/2\/2024\/01\/nr_nutri_enfoque01-300x156.png 300w, https:\/\/nelsonrazo.com\/nutricion\/wp-content\/uploads\/sites\/2\/2024\/01\/nr_nutri_enfoque01-768x400.png 768w, https:\/\/nelsonrazo.com\/nutricion\/wp-content\/uploads\/sites\/2\/2024\/01\/nr_nutri_enfoque01.png 1195w\" sizes=\"auto, (max-width: 1024px) 100vw, 1024px\" \/><\/figure>\n\n\n\n<h3 class=\"wp-block-heading\">Bienestar integral a trav\u00e9s de la salud metab\u00f3lica<\/h3>\n\n\n\n<p>Como nutri\u00f3logo capacitado en Nutrici\u00f3n Aplicada y enfocado en Nutrici\u00f3n Cl\u00ednica, cuento con los conocimientos y el enfoque para guiarte en tu viaje \u00fanico hacia una mejor salud y mayor vitalidad a trav\u00e9s de la nutrici\u00f3n y los cambios en el estilo de vida.<\/p>\n\n\n\n<h3 class=\"wp-block-heading\">M\u00e1s que men\u00fas y p\u00e9rdida de peso<\/h3>\n\n\n\n<p>Mi base acad\u00e9mica en Nutrici\u00f3n Aplicada garantiza que mi enfoque no se centre solo en las elecciones diet\u00e9ticas y cantidades cal\u00f3ricas, sino tambi\u00e9n en una comprensi\u00f3n integral de c\u00f3mo la nutrici\u00f3n afecta el intrincado funcionamiento del cuerpo. Soy dedicado en permanecer a la vanguardia de los avances en la ciencia nutricional para brindarte la orientaci\u00f3n m\u00e1s efectiva y basada en evidencia actualizada.<\/p>\n\n\n\n<h3 class=\"wp-block-heading\">Salud metab\u00f3lica personalizada <\/h3>\n\n\n\n<p>Mi enfoque principal no es simplemente elaborarte un men\u00fa, es capacitarte para lograr una salud metab\u00f3lica \u00f3ptima y trabajar para lograr la remisi\u00f3n de enfermedades cr\u00f3nicas a trav\u00e9s de intervenciones nutricionales y de estilo de vida personalizadas. Al adaptar los planes a sus necesidades individuales, mi objetivo es mejorar tu bienestar general y tu resiliencia, en un mundo con cada vez mayor incidencia de <a href=\"https:\/\/cuidatehoy.com\/cuidate-del-sindrome-metabolico\/\">enfermedades<\/a> que pueden prevenirse y revertirse.<\/p>\n\n\n\n<figure class=\"wp-block-image size-large\"><img loading=\"lazy\" decoding=\"async\" width=\"1024\" height=\"354\" src=\"https:\/\/nelsonrazo.com\/nutricion\/wp-content\/uploads\/sites\/2\/2024\/01\/nr_nutri_enfoque02-1024x354.png\" alt=\"\" class=\"wp-image-97\" srcset=\"https:\/\/nelsonrazo.com\/nutricion\/wp-content\/uploads\/sites\/2\/2024\/01\/nr_nutri_enfoque02-1024x354.png 1024w, https:\/\/nelsonrazo.com\/nutricion\/wp-content\/uploads\/sites\/2\/2024\/01\/nr_nutri_enfoque02-300x104.png 300w, https:\/\/nelsonrazo.com\/nutricion\/wp-content\/uploads\/sites\/2\/2024\/01\/nr_nutri_enfoque02-768x266.png 768w, https:\/\/nelsonrazo.com\/nutricion\/wp-content\/uploads\/sites\/2\/2024\/01\/nr_nutri_enfoque02.png 1529w\" sizes=\"auto, (max-width: 1024px) 100vw, 1024px\" \/><\/figure>\n\n\n\n<h3 class=\"wp-block-heading\">Pasi\u00f3n por la investigaci\u00f3n y la nutrici\u00f3n aplicada<\/h3>\n\n\n\n<p>Al combinar mi pr\u00e1ctica de nutrici\u00f3n aplicada con mi pasi\u00f3n por la investigaci\u00f3n, me mantengo involucrado con las \u00faltimas evidencias y avances en el campo de la intersecci\u00f3n entre la nutriolog\u00eda y la medicina.<\/p>\n\n\n\n<p>Me fascina particularmente el concepto de <a href=\"https:\/\/cuidatehoy.com\/sin-flexibilidad-metabolica-no-hay-salud\/\">flexibilidad metab\u00f3lica<\/a>, un factor clave en la salud y el bienestar humanos. Esto significa no s\u00f3lo abordar los problemas de salud inmediatos, sino tambi\u00e9n, y especialmente, cultivar estrategias de largo plazo para tu bienestar.<\/p>\n\n\n\n<p>En relaci\u00f3n con lo anterior, desde 2018 edito la revista digital <a href=\"https:\/\/cuidatehoy.com\/\">Cu\u00eddate Hoy<\/a> y su <a href=\"https:\/\/www.youtube.com\/@cuidate_hoy\">canal oficial de YouTube<\/a>, en los que pueden encontrar art\u00edculos y videos de divulgaci\u00f3n sobre salud, nutrici\u00f3n, actividad f\u00edsica y m\u00e1s temas relacionados.<\/p>\n\n\n\n<h3 class=\"wp-block-heading\">Importancia del trabajo en equipo<\/h3>\n\n\n\n<figure class=\"wp-block-image alignright size-full\"><img loading=\"lazy\" decoding=\"async\" width=\"260\" height=\"260\" src=\"https:\/\/nelsonrazo.com\/nutricion\/wp-content\/uploads\/sites\/2\/2024\/02\/lna_nelsonrazo.png\" alt=\"\" class=\"wp-image-142\" srcset=\"https:\/\/nelsonrazo.com\/nutricion\/wp-content\/uploads\/sites\/2\/2024\/02\/lna_nelsonrazo.png 260w, https:\/\/nelsonrazo.com\/nutricion\/wp-content\/uploads\/sites\/2\/2024\/02\/lna_nelsonrazo-150x150.png 150w\" sizes=\"auto, (max-width: 260px) 100vw, 260px\" \/><figcaption class=\"wp-element-caption\">LNA Nelson Razo | Ced.Prof. 13808512<\/figcaption><\/figure>\n\n\n\n<p>Como miembro del equipo profesional que atiende en <a href=\"https:\/\/clinicaaguiars.com\/\">Cl\u00ednica Aguiar&#8217;s<\/a> de Tecate, Baja California, M\u00e9xico, valoro la importancia del trabajo en equipo en la atenci\u00f3n integral en salud. Solamente la atenci\u00f3n integrativa que aborda al paciente desde todas las aristas de la medicina, la nutrici\u00f3n, el estilo de vida, promueve el bienestar duradero.<\/p>\n\n\n\n<p>Por esto, en casos necesarios trabajo de la mano con m\u00e9dicos y otros especialistas de la salud, buscando la sinergia de los distintos enfoques de tratamiento para mejorar la salud desde la raiz.<\/p>\n\n\n\n<p>Emb\u00e1rcate en un viaje para desbloquear todo tu potencial de salud del que es posible el cuerpo humano. A trav\u00e9s de mi enfoque de nutrici\u00f3n aplicada a la salud metab\u00f3lica, estrategias basadas en evidencia y un compromiso con sus necesidades \u00fanicas, trabajaremos juntos para lograr resultados duraderos.<\/p>\n\n\n\n<div id=\"wp-block-themeisle-blocks-advanced-columns-7db66c42\" class=\"wp-block-themeisle-blocks-advanced-columns has-2-columns has-desktop-equal-layout has-tablet-equal-layout has-mobile-collapsedRows-layout has-vertical-unset\"><div class=\"wp-block-themeisle-blocks-advanced-columns-overlay\"><\/div><div class=\"innerblocks-wrap\">\n<div id=\"wp-block-themeisle-blocks-advanced-column-731218c2\" class=\"wp-block-themeisle-blocks-advanced-column\">\n<figure class=\"wp-block-image size-full is-resized\"><a href=\"https:\/\/clinicaaguiars.com\/\"><img loading=\"lazy\" decoding=\"async\" width=\"576\" height=\"136\" src=\"https:\/\/nelsonrazo.com\/nutricion\/wp-content\/uploads\/sites\/2\/2024\/01\/clinicaaguiars_logo.png\" alt=\"Cl\u00ednica Aguiar's\" class=\"wp-image-119\" style=\"width:327px;height:auto\" srcset=\"https:\/\/nelsonrazo.com\/nutricion\/wp-content\/uploads\/sites\/2\/2024\/01\/clinicaaguiars_logo.png 576w, https:\/\/nelsonrazo.com\/nutricion\/wp-content\/uploads\/sites\/2\/2024\/01\/clinicaaguiars_logo-300x71.png 300w\" sizes=\"auto, (max-width: 576px) 100vw, 576px\" \/><\/a><\/figure>\n<\/div>\n\n\n\n<div id=\"wp-block-themeisle-blocks-advanced-column-95306dda\" class=\"wp-block-themeisle-blocks-advanced-column\">\n<figure class=\"wp-block-image size-full is-resized\"><a href=\"https:\/\/cuidatehoy.com\/\"><img loading=\"lazy\" decoding=\"async\" width=\"499\" height=\"136\" src=\"https:\/\/nelsonrazo.com\/nutricion\/wp-content\/uploads\/sites\/2\/2024\/01\/cuidatehoy_logo.png\" alt=\"\" class=\"wp-image-120\" style=\"width:300px;height:auto\" srcset=\"https:\/\/nelsonrazo.com\/nutricion\/wp-content\/uploads\/sites\/2\/2024\/01\/cuidatehoy_logo.png 499w, https:\/\/nelsonrazo.com\/nutricion\/wp-content\/uploads\/sites\/2\/2024\/01\/cuidatehoy_logo-300x82.png 300w\" sizes=\"auto, (max-width: 499px) 100vw, 499px\" \/><\/a><\/figure>\n<\/div>\n<\/div><\/div>\n\n\n\n<div class=\"wp-block-group alignfull is-layout-constrained wp-container-core-group-is-layout-26666c0f wp-block-group-is-layout-constrained\" style=\"margin-top:0;margin-bottom:0;padding-top:var(--wp--preset--spacing--80);padding-right:var(--wp--preset--spacing--40);padding-bottom:var(--wp--preset--spacing--80);padding-left:var(--wp--preset--spacing--40)\">\n<div class=\"wp-block-group alignwide is-layout-flow wp-block-group-is-layout-flow\">\n<div class=\"wp-block-columns is-layout-flex wp-container-core-columns-is-layout-28f84493 wp-block-columns-is-layout-flex\">\n<div class=\"wp-block-column is-layout-flow wp-block-column-is-layout-flow\" style=\"flex-basis:50%\">\n<h2 class=\"wp-block-heading\">Empieza hoy mismo, \u00a1ponte en contacto!<\/h2>\n<\/div>\n\n\n\n<div class=\"wp-block-column is-layout-flow wp-block-column-is-layout-flow\" style=\"flex-basis:50%\">\n<p class=\"has-text-align-left\">\u00bfCrees que puedo ayudarte o podemos trabajar juntos? \u00bfDeseas agandar una consulta? Cont\u00e1ctame.<\/p>\n\n\n\n<div class=\"wp-block-buttons is-layout-flex wp-block-buttons-is-layout-flex\">\n<div class=\"wp-block-button is-style-primary is-style-fill\"><a class=\"wp-block-button__link has-background wp-element-button\" href=\"https:\/\/nelsonrazo.com\/nutricion\/contacto\/\" style=\"background-color:#01918f\">Contacto<\/a><\/div>\n<\/div>\n<\/div>\n<\/div>\n<\/div>\n<\/div>\n","protected":false},"excerpt":{"rendered":"<p>Bienestar integral a trav\u00e9s de la salud metab\u00f3lica Como nutri\u00f3logo capacitado en Nutrici\u00f3n Aplicada y enfocado en Nutrici\u00f3n Cl\u00ednica, cuento con los conocimientos y el enfoque para guiarte en tu viaje \u00fanico hacia una mejor salud y mayor vitalidad a trav\u00e9s de la nutrici\u00f3n y los cambios en el estilo de vida. M\u00e1s que men\u00fas [&hellip;]<\/p>\n","protected":false},"author":1,"featured_media":0,"parent":0,"menu_order":0,"comment_status":"closed","ping_status":"closed","template":"","meta":{"_themeisle_gutenberg_block_has_review":false,"footnotes":""},"class_list":["post-59","page","type-page","status-publish","hentry"],"yoast_head":"<!-- This site is optimized with the Yoast SEO plugin v27.5 - https:\/\/yoast.com\/product\/yoast-seo-wordpress\/ -->\n<title>Mi Enfoque - Nelson Razo | Nutri\u00f3logo<\/title>\n<meta name=\"robots\" content=\"index, follow, max-snippet:-1, max-image-preview:large, max-video-preview:-1\" \/>\n<link rel=\"canonical\" href=\"https:\/\/nelsonrazo.com\/nutricion\/mi-enfoque\/\" \/>\n<meta property=\"og:locale\" content=\"es_ES\" \/>\n<meta property=\"og:type\" content=\"article\" \/>\n<meta property=\"og:title\" content=\"Mi Enfoque - Nelson Razo | Nutri\u00f3logo\" \/>\n<meta property=\"og:description\" content=\"Bienestar integral a trav\u00e9s de la salud metab\u00f3lica Como nutri\u00f3logo capacitado en Nutrici\u00f3n Aplicada y enfocado en Nutrici\u00f3n Cl\u00ednica, cuento con los conocimientos y el enfoque para guiarte en tu viaje \u00fanico hacia una mejor salud y mayor vitalidad a trav\u00e9s de la nutrici\u00f3n y los cambios en el estilo de vida. M\u00e1s que men\u00fas [&hellip;]\" \/>\n<meta property=\"og:url\" content=\"https:\/\/nelsonrazo.com\/nutricion\/mi-enfoque\/\" \/>\n<meta property=\"og:site_name\" content=\"Nelson Razo | Nutri\u00f3logo\" \/>\n<meta property=\"article:publisher\" content=\"https:\/\/www.facebook.com\/nelson.razo\" \/>\n<meta property=\"article:modified_time\" content=\"2024-04-28T04:24:17+00:00\" \/>\n<meta property=\"og:image\" content=\"https:\/\/nelsonrazo.com\/nutricion\/wp-content\/uploads\/sites\/2\/2024\/01\/nr_nutri_enfoque01-1024x533.png\" \/>\n<meta name=\"twitter:card\" content=\"summary_large_image\" \/>\n<meta name=\"twitter:site\" content=\"@nelsonrazoa\" \/>\n<meta name=\"twitter:label1\" content=\"Tiempo de lectura\" \/>\n\t<meta name=\"twitter:data1\" content=\"4 minutos\" \/>\n<script type=\"application\/ld+json\" class=\"yoast-schema-graph\">{\"@context\":\"https:\\\/\\\/schema.org\",\"@graph\":[{\"@type\":\"WebPage\",\"@id\":\"https:\\\/\\\/nelsonrazo.com\\\/nutricion\\\/mi-enfoque\\\/\",\"url\":\"https:\\\/\\\/nelsonrazo.com\\\/nutricion\\\/mi-enfoque\\\/\",\"name\":\"Mi Enfoque - Nelson Razo | Nutri\u00f3logo\",\"isPartOf\":{\"@id\":\"https:\\\/\\\/nelsonrazo.com\\\/nutricion\\\/#website\"},\"primaryImageOfPage\":{\"@id\":\"https:\\\/\\\/nelsonrazo.com\\\/nutricion\\\/mi-enfoque\\\/#primaryimage\"},\"image\":{\"@id\":\"https:\\\/\\\/nelsonrazo.com\\\/nutricion\\\/mi-enfoque\\\/#primaryimage\"},\"thumbnailUrl\":\"https:\\\/\\\/nelsonrazo.com\\\/nutricion\\\/wp-content\\\/uploads\\\/sites\\\/2\\\/2024\\\/01\\\/nr_nutri_enfoque01-1024x533.png\",\"datePublished\":\"2024-01-13T08:11:51+00:00\",\"dateModified\":\"2024-04-28T04:24:17+00:00\",\"breadcrumb\":{\"@id\":\"https:\\\/\\\/nelsonrazo.com\\\/nutricion\\\/mi-enfoque\\\/#breadcrumb\"},\"inLanguage\":\"es\",\"potentialAction\":[{\"@type\":\"ReadAction\",\"target\":[\"https:\\\/\\\/nelsonrazo.com\\\/nutricion\\\/mi-enfoque\\\/\"]}]},{\"@type\":\"ImageObject\",\"inLanguage\":\"es\",\"@id\":\"https:\\\/\\\/nelsonrazo.com\\\/nutricion\\\/mi-enfoque\\\/#primaryimage\",\"url\":\"https:\\\/\\\/nelsonrazo.com\\\/nutricion\\\/wp-content\\\/uploads\\\/sites\\\/2\\\/2024\\\/01\\\/nr_nutri_enfoque01.png\",\"contentUrl\":\"https:\\\/\\\/nelsonrazo.com\\\/nutricion\\\/wp-content\\\/uploads\\\/sites\\\/2\\\/2024\\\/01\\\/nr_nutri_enfoque01.png\",\"width\":1195,\"height\":622},{\"@type\":\"BreadcrumbList\",\"@id\":\"https:\\\/\\\/nelsonrazo.com\\\/nutricion\\\/mi-enfoque\\\/#breadcrumb\",\"itemListElement\":[{\"@type\":\"ListItem\",\"position\":1,\"name\":\"Portada\",\"item\":\"https:\\\/\\\/nelsonrazo.com\\\/nutricion\\\/\"},{\"@type\":\"ListItem\",\"position\":2,\"name\":\"Mi Enfoque\"}]},{\"@type\":\"WebSite\",\"@id\":\"https:\\\/\\\/nelsonrazo.com\\\/nutricion\\\/#website\",\"url\":\"https:\\\/\\\/nelsonrazo.com\\\/nutricion\\\/\",\"name\":\"Nelson Razo | Nutrici\u00f3n\",\"description\":\"Nutri\u00f3logo experto en Salud Metab\u00f3lica en Tecate\",\"publisher\":{\"@id\":\"https:\\\/\\\/nelsonrazo.com\\\/nutricion\\\/#\\\/schema\\\/person\\\/f2a003e98f8f79c1dbbf148cc5f9aede\"},\"alternateName\":\"Nutri\u00f3logo Nelson Razo\",\"potentialAction\":[{\"@type\":\"SearchAction\",\"target\":{\"@type\":\"EntryPoint\",\"urlTemplate\":\"https:\\\/\\\/nelsonrazo.com\\\/nutricion\\\/?s={search_term_string}\"},\"query-input\":{\"@type\":\"PropertyValueSpecification\",\"valueRequired\":true,\"valueName\":\"search_term_string\"}}],\"inLanguage\":\"es\"},{\"@type\":[\"Person\",\"Organization\"],\"@id\":\"https:\\\/\\\/nelsonrazo.com\\\/nutricion\\\/#\\\/schema\\\/person\\\/f2a003e98f8f79c1dbbf148cc5f9aede\",\"name\":\"Nelson Razo\",\"image\":{\"@type\":\"ImageObject\",\"inLanguage\":\"es\",\"@id\":\"https:\\\/\\\/nelsonrazo.com\\\/nutricion\\\/wp-content\\\/uploads\\\/sites\\\/2\\\/2024\\\/01\\\/brn_favicon_logo.png\",\"url\":\"https:\\\/\\\/nelsonrazo.com\\\/nutricion\\\/wp-content\\\/uploads\\\/sites\\\/2\\\/2024\\\/01\\\/brn_favicon_logo.png\",\"contentUrl\":\"https:\\\/\\\/nelsonrazo.com\\\/nutricion\\\/wp-content\\\/uploads\\\/sites\\\/2\\\/2024\\\/01\\\/brn_favicon_logo.png\",\"width\":902,\"height\":901,\"caption\":\"Nelson Razo\"},\"logo\":{\"@id\":\"https:\\\/\\\/nelsonrazo.com\\\/nutricion\\\/wp-content\\\/uploads\\\/sites\\\/2\\\/2024\\\/01\\\/brn_favicon_logo.png\"},\"description\":\"Nutri\u00f3logo enfocado en Salud Metab\u00f3lica y Nutrici\u00f3n Cl\u00ednica. Divulgador de la evidencia en salud y nutrici\u00f3n para la promoci\u00f3n de la salud p\u00fablica. Experto en branding y marketing digital que disfruta del running, la lectura y la investigaci\u00f3n.\",\"sameAs\":[\"https:\\\/\\\/nelsonrazo.com\",\"https:\\\/\\\/www.facebook.com\\\/nelson.razo\",\"https:\\\/\\\/www.instagram.com\\\/nelsonrazo\\\/\",\"https:\\\/\\\/mx.linkedin.com\\\/in\\\/nelsonrazo\",\"https:\\\/\\\/x.com\\\/nelsonrazoa\"]}]}<\/script>\n<!-- \/ Yoast SEO plugin. -->","yoast_head_json":{"title":"Mi Enfoque - Nelson Razo | Nutri\u00f3logo","robots":{"index":"index","follow":"follow","max-snippet":"max-snippet:-1","max-image-preview":"max-image-preview:large","max-video-preview":"max-video-preview:-1"},"canonical":"https:\/\/nelsonrazo.com\/nutricion\/mi-enfoque\/","og_locale":"es_ES","og_type":"article","og_title":"Mi Enfoque - Nelson Razo | Nutri\u00f3logo","og_description":"Bienestar integral a trav\u00e9s de la salud metab\u00f3lica Como nutri\u00f3logo capacitado en Nutrici\u00f3n Aplicada y enfocado en Nutrici\u00f3n Cl\u00ednica, cuento con los conocimientos y el enfoque para guiarte en tu viaje \u00fanico hacia una mejor salud y mayor vitalidad a trav\u00e9s de la nutrici\u00f3n y los cambios en el estilo de vida. M\u00e1s que men\u00fas [&hellip;]","og_url":"https:\/\/nelsonrazo.com\/nutricion\/mi-enfoque\/","og_site_name":"Nelson Razo | Nutri\u00f3logo","article_publisher":"https:\/\/www.facebook.com\/nelson.razo","article_modified_time":"2024-04-28T04:24:17+00:00","og_image":[{"url":"https:\/\/nelsonrazo.com\/nutricion\/wp-content\/uploads\/sites\/2\/2024\/01\/nr_nutri_enfoque01-1024x533.png","type":"","width":"","height":""}],"twitter_card":"summary_large_image","twitter_site":"@nelsonrazoa","twitter_misc":{"Tiempo de lectura":"4 minutos"},"schema":{"@context":"https:\/\/schema.org","@graph":[{"@type":"WebPage","@id":"https:\/\/nelsonrazo.com\/nutricion\/mi-enfoque\/","url":"https:\/\/nelsonrazo.com\/nutricion\/mi-enfoque\/","name":"Mi Enfoque - Nelson Razo | Nutri\u00f3logo","isPartOf":{"@id":"https:\/\/nelsonrazo.com\/nutricion\/#website"},"primaryImageOfPage":{"@id":"https:\/\/nelsonrazo.com\/nutricion\/mi-enfoque\/#primaryimage"},"image":{"@id":"https:\/\/nelsonrazo.com\/nutricion\/mi-enfoque\/#primaryimage"},"thumbnailUrl":"https:\/\/nelsonrazo.com\/nutricion\/wp-content\/uploads\/sites\/2\/2024\/01\/nr_nutri_enfoque01-1024x533.png","datePublished":"2024-01-13T08:11:51+00:00","dateModified":"2024-04-28T04:24:17+00:00","breadcrumb":{"@id":"https:\/\/nelsonrazo.com\/nutricion\/mi-enfoque\/#breadcrumb"},"inLanguage":"es","potentialAction":[{"@type":"ReadAction","target":["https:\/\/nelsonrazo.com\/nutricion\/mi-enfoque\/"]}]},{"@type":"ImageObject","inLanguage":"es","@id":"https:\/\/nelsonrazo.com\/nutricion\/mi-enfoque\/#primaryimage","url":"https:\/\/nelsonrazo.com\/nutricion\/wp-content\/uploads\/sites\/2\/2024\/01\/nr_nutri_enfoque01.png","contentUrl":"https:\/\/nelsonrazo.com\/nutricion\/wp-content\/uploads\/sites\/2\/2024\/01\/nr_nutri_enfoque01.png","width":1195,"height":622},{"@type":"BreadcrumbList","@id":"https:\/\/nelsonrazo.com\/nutricion\/mi-enfoque\/#breadcrumb","itemListElement":[{"@type":"ListItem","position":1,"name":"Portada","item":"https:\/\/nelsonrazo.com\/nutricion\/"},{"@type":"ListItem","position":2,"name":"Mi Enfoque"}]},{"@type":"WebSite","@id":"https:\/\/nelsonrazo.com\/nutricion\/#website","url":"https:\/\/nelsonrazo.com\/nutricion\/","name":"Nelson Razo | Nutrici\u00f3n","description":"Nutri\u00f3logo experto en Salud Metab\u00f3lica en Tecate","publisher":{"@id":"https:\/\/nelsonrazo.com\/nutricion\/#\/schema\/person\/f2a003e98f8f79c1dbbf148cc5f9aede"},"alternateName":"Nutri\u00f3logo Nelson Razo","potentialAction":[{"@type":"SearchAction","target":{"@type":"EntryPoint","urlTemplate":"https:\/\/nelsonrazo.com\/nutricion\/?s={search_term_string}"},"query-input":{"@type":"PropertyValueSpecification","valueRequired":true,"valueName":"search_term_string"}}],"inLanguage":"es"},{"@type":["Person","Organization"],"@id":"https:\/\/nelsonrazo.com\/nutricion\/#\/schema\/person\/f2a003e98f8f79c1dbbf148cc5f9aede","name":"Nelson Razo","image":{"@type":"ImageObject","inLanguage":"es","@id":"https:\/\/nelsonrazo.com\/nutricion\/wp-content\/uploads\/sites\/2\/2024\/01\/brn_favicon_logo.png","url":"https:\/\/nelsonrazo.com\/nutricion\/wp-content\/uploads\/sites\/2\/2024\/01\/brn_favicon_logo.png","contentUrl":"https:\/\/nelsonrazo.com\/nutricion\/wp-content\/uploads\/sites\/2\/2024\/01\/brn_favicon_logo.png","width":902,"height":901,"caption":"Nelson Razo"},"logo":{"@id":"https:\/\/nelsonrazo.com\/nutricion\/wp-content\/uploads\/sites\/2\/2024\/01\/brn_favicon_logo.png"},"description":"Nutri\u00f3logo enfocado en Salud Metab\u00f3lica y Nutrici\u00f3n Cl\u00ednica. Divulgador de la evidencia en salud y nutrici\u00f3n para la promoci\u00f3n de la salud p\u00fablica. Experto en branding y marketing digital que disfruta del running, la lectura y la investigaci\u00f3n.","sameAs":["https:\/\/nelsonrazo.com","https:\/\/www.facebook.com\/nelson.razo","https:\/\/www.instagram.com\/nelsonrazo\/","https:\/\/mx.linkedin.com\/in\/nelsonrazo","https:\/\/x.com\/nelsonrazoa"]}]}},"jetpack_shortlink":"https:\/\/wp.me\/PfrB9s-X","jetpack_sharing_enabled":true,"_links":{"self":[{"href":"https:\/\/nelsonrazo.com\/nutricion\/wp-json\/wp\/v2\/pages\/59","targetHints":{"allow":["GET"]}}],"collection":[{"href":"https:\/\/nelsonrazo.com\/nutricion\/wp-json\/wp\/v2\/pages"}],"about":[{"href":"https:\/\/nelsonrazo.com\/nutricion\/wp-json\/wp\/v2\/types\/page"}],"author":[{"embeddable":true,"href":"https:\/\/nelsonrazo.com\/nutricion\/wp-json\/wp\/v2\/users\/1"}],"replies":[{"embeddable":true,"href":"https:\/\/nelsonrazo.com\/nutricion\/wp-json\/wp\/v2\/comments?post=59"}],"version-history":[{"count":10,"href":"https:\/\/nelsonrazo.com\/nutricion\/wp-json\/wp\/v2\/pages\/59\/revisions"}],"predecessor-version":[{"id":228,"href":"https:\/\/nelsonrazo.com\/nutricion\/wp-json\/wp\/v2\/pages\/59\/revisions\/228"}],"wp:attachment":[{"href":"https:\/\/nelsonrazo.com\/nutricion\/wp-json\/wp\/v2\/media?parent=59"}],"curies":[{"name":"wp","href":"https:\/\/api.w.org\/{rel}","templated":true}]}}