{"id":532,"date":"2015-09-23T14:44:50","date_gmt":"2015-09-23T14:44:50","guid":{"rendered":"http:\/\/wp.magnium-themes.com\/himmelen\/himmelen-1\/?page_id=182"},"modified":"2024-01-17T06:34:15","modified_gmt":"2024-01-17T05:34:15","slug":"sobremi","status":"publish","type":"page","link":"https:\/\/nelsonrazo.com\/branding\/sobremi\/","title":{"rendered":"Sobre Mi"},"content":{"rendered":"\n<p>Soy Dise\u00f1ador Gr\u00e1fico (Ced. Prof. 3668986) especializado en Branding, Marketing Digital y Comunicaci\u00f3n Institucional.<\/p>\n\n\n\n<p>Desde hace 20 a\u00f1os desarrollo desde sitios web hasta estrategias y campa\u00f1as para productos, empresas y personas que desean comunicar el mensaje adecuado a su mercado meta.<\/p>\n\n\n\n<p>En los \u00faltimos a\u00f1os he aplicado mis conocimientos y experiencia profesional en el marketing pol\u00edtico de instituciones, funcionarios y candidatos.<\/p>\n\n\n\n<p>\u00c1vido lector y blogger de variados temas (incluyendo <a href=\"https:\/\/cuidatehoy.com\/\">salud y nutrici\u00f3n<\/a>), tambi\u00e9n me gusta la fotograf\u00eda y la ilustraci\u00f3n.<\/p>\n\n\n\n<h4 class=\"wp-block-heading\"><strong>\u00bfEj\u00e9rcito de uno?<\/strong><\/h4>\n\n\n\n<p>En el mercado moderno no se puede depender ya de marcas que se desarrollen y desenvuelvan en el vac\u00edo o desde una sola perspectiva.<\/p>\n\n\n\n<p>Entiendo que el tratamiento integral del marketing y la identidad es esencial tanto estrat\u00e9gica como econ\u00f3micamente, y es hoy mucho m\u00e1s obligatorio para empresas, marcas y personas con el auge del marketing digital, las redes sociales y la inteligencia artificial.<\/p>\n\n\n\n<p>Aunemos a esto que mi natural necesidad de m\u00e1s informaci\u00f3n y aprovechamiento de la tecnolog\u00eda me mantienen siempre al tanto de los avances en varios campos del conocimiento.<\/p>\n\n\n\n<p>As\u00ed, a trav\u00e9s de los a\u00f1os, he desarrollado la capacidad y necesidad de ser tres mentes y enfoques de trabajo en una: creativo, mercad\u00f3logo y tecn\u00f3logo. Capacidad que me permite trabajar integralmente en todo proyecto a desarrollar para una amplia variedad de clientes y prop\u00f3sitos.<\/p>\n\n\n\n<div class=\"wp-block-group alignfull is-layout-constrained wp-container-core-group-is-layout-b1018d00 wp-block-group-is-layout-constrained\" style=\"margin-top:0px;margin-bottom:0px;padding-top:var(--wp--preset--spacing--80);padding-right:var(--wp--preset--spacing--40);padding-bottom:var(--wp--preset--spacing--80);padding-left:var(--wp--preset--spacing--40)\">\n<div class=\"wp-block-columns alignwide is-layout-flex wp-container-core-columns-is-layout-08c01c1c wp-block-columns-is-layout-flex\">\n<div class=\"wp-block-column is-layout-flow wp-container-core-column-is-layout-119bc444 wp-block-column-is-layout-flow\">\n<figure class=\"wp-block-image size-full\"><img loading=\"lazy\" decoding=\"async\" width=\"529\" height=\"529\" src=\"https:\/\/nelsonrazo.com\/branding\/wp-content\/uploads\/sites\/3\/2024\/01\/nr_branding_creatividad.png\" alt=\"\" class=\"wp-image-1316\" srcset=\"https:\/\/nelsonrazo.com\/branding\/wp-content\/uploads\/sites\/3\/2024\/01\/nr_branding_creatividad.png 529w, https:\/\/nelsonrazo.com\/branding\/wp-content\/uploads\/sites\/3\/2024\/01\/nr_branding_creatividad-300x300.png 300w, https:\/\/nelsonrazo.com\/branding\/wp-content\/uploads\/sites\/3\/2024\/01\/nr_branding_creatividad-150x150.png 150w\" sizes=\"auto, (max-width: 529px) 100vw, 529px\" \/><\/figure>\n\n\n\n<h3 class=\"wp-block-heading\">Creatividad<\/h3>\n\n\n\n<p>Mi formaci\u00f3n en y pasi\u00f3n por el dise\u00f1o gr\u00e1fico orientan mis ideas creativa pero funcionalmente.<\/p>\n<\/div>\n\n\n\n<div class=\"wp-block-column is-layout-flow wp-container-core-column-is-layout-119bc444 wp-block-column-is-layout-flow\">\n<figure class=\"wp-block-image size-full\"><img loading=\"lazy\" decoding=\"async\" width=\"529\" height=\"529\" src=\"https:\/\/nelsonrazo.com\/branding\/wp-content\/uploads\/sites\/3\/2024\/01\/nr_branding_estrategia.png\" alt=\"\" class=\"wp-image-1317\" srcset=\"https:\/\/nelsonrazo.com\/branding\/wp-content\/uploads\/sites\/3\/2024\/01\/nr_branding_estrategia.png 529w, https:\/\/nelsonrazo.com\/branding\/wp-content\/uploads\/sites\/3\/2024\/01\/nr_branding_estrategia-300x300.png 300w, https:\/\/nelsonrazo.com\/branding\/wp-content\/uploads\/sites\/3\/2024\/01\/nr_branding_estrategia-150x150.png 150w\" sizes=\"auto, (max-width: 529px) 100vw, 529px\" \/><\/figure>\n\n\n\n<h3 class=\"wp-block-heading\">Estrategia<\/h3>\n\n\n\n<p>Mi experiencia en desarrollo de marcas e identidades me enfocan en las necesidades del mercado\/audiencia.<\/p>\n<\/div>\n\n\n\n<div class=\"wp-block-column is-layout-flow wp-container-core-column-is-layout-119bc444 wp-block-column-is-layout-flow\">\n<figure class=\"wp-block-image size-full\"><img loading=\"lazy\" decoding=\"async\" width=\"529\" height=\"529\" src=\"https:\/\/nelsonrazo.com\/branding\/wp-content\/uploads\/sites\/3\/2024\/01\/nr_branding_tecnologia.png\" alt=\"\" class=\"wp-image-1318\" srcset=\"https:\/\/nelsonrazo.com\/branding\/wp-content\/uploads\/sites\/3\/2024\/01\/nr_branding_tecnologia.png 529w, https:\/\/nelsonrazo.com\/branding\/wp-content\/uploads\/sites\/3\/2024\/01\/nr_branding_tecnologia-300x300.png 300w, https:\/\/nelsonrazo.com\/branding\/wp-content\/uploads\/sites\/3\/2024\/01\/nr_branding_tecnologia-150x150.png 150w\" sizes=\"auto, (max-width: 529px) 100vw, 529px\" \/><\/figure>\n\n\n\n<h3 class=\"wp-block-heading\">Tecnolog\u00eda<\/h3>\n\n\n\n<p>Mi enfoque y desarrollo en los medios digitales busca siempre aprovechar las ventajas de la tecnolog\u00eda.<\/p>\n<\/div>\n<\/div>\n<\/div>\n\n\n\n<div class=\"wp-block-group alignfull has-raft-fg-alt-color has-raft-accent-background-color has-text-color has-background is-layout-constrained wp-container-core-group-is-layout-87ba1f51 wp-block-group-is-layout-constrained\" style=\"margin-top:0px;margin-bottom:0px;padding-top:var(--wp--preset--spacing--80);padding-right:var(--wp--preset--spacing--40);padding-bottom:var(--wp--preset--spacing--80);padding-left:var(--wp--preset--spacing--40)\">\n<h2 class=\"wp-block-heading has-text-align-center has-raft-fg-alt-color has-text-color\">\u00bfTe puedo ayudar? Conoce m\u00e1s sobre mis servicios o cont\u00e1ctame<\/h2>\n\n\n\n<div class=\"wp-block-buttons is-content-justification-center is-layout-flex wp-container-core-buttons-is-layout-a89b3969 wp-block-buttons-is-layout-flex\">\n<div class=\"wp-block-button is-style-outline is-style-outline--1\"><a class=\"wp-block-button__link has-raft-fg-alt-color has-text-color wp-element-button\" href=\"https:\/\/nelsonrazo.com\/branding\/contacto\/\">Servicios<\/a><\/div>\n\n\n\n<div class=\"wp-block-button is-style-outline is-style-outline--2\"><a class=\"wp-block-button__link has-raft-fg-alt-color has-text-color wp-element-button\" href=\"https:\/\/nelsonrazo.com\/branding\/contacto\/\">Contacto<\/a><\/div>\n<\/div>\n<\/div>\n","protected":false},"excerpt":{"rendered":"<p>Soy Dise\u00f1ador Gr\u00e1fico (Ced. Prof. 3668986) especializado en Branding, Marketing Digital y Comunicaci\u00f3n Institucional. Desde hace 20 a\u00f1os desarrollo desde sitios web hasta estrategias y campa\u00f1as para productos, empresas y personas que desean comunicar el mensaje adecuado a su mercado meta. En los \u00faltimos a\u00f1os he aplicado mis conocimientos y experiencia profesional en el marketing [&hellip;]<\/p>\n","protected":false},"author":3,"featured_media":1312,"parent":0,"menu_order":0,"comment_status":"closed","ping_status":"closed","template":"","meta":{"_themeisle_gutenberg_block_has_review":false,"footnotes":""},"class_list":["post-532","page","type-page","status-publish","has-post-thumbnail","hentry"],"yoast_head":"<!-- This site is optimized with the Yoast SEO plugin v27.5 - https:\/\/yoast.com\/product\/yoast-seo-wordpress\/ -->\n<title>Sobre Mi - Nelson Razo | Branding Expert<\/title>\n<meta name=\"description\" content=\"Soy Dise\u00f1ador Gr\u00e1fico especializado en Branding, Marketing Digital y Comunicaci\u00f3n Institucional. Desde hace 20 a\u00f1os desarrollo sitios web, estrategias y campa\u00f1as para productos, empresas y personas que desean llegar a su mercado meta.\" \/>\n<meta name=\"robots\" content=\"index, follow, max-snippet:-1, max-image-preview:large, max-video-preview:-1\" \/>\n<link rel=\"canonical\" href=\"https:\/\/nelsonrazo.com\/branding\/sobremi\/\" \/>\n<meta property=\"og:locale\" content=\"es_ES\" \/>\n<meta property=\"og:type\" content=\"article\" \/>\n<meta property=\"og:title\" content=\"Sobre Mi - Nelson Razo | Branding Expert\" \/>\n<meta property=\"og:description\" content=\"Soy Dise\u00f1ador Gr\u00e1fico especializado en Branding, Marketing Digital y Comunicaci\u00f3n Institucional. Desde hace 20 a\u00f1os desarrollo sitios web, estrategias y campa\u00f1as para productos, empresas y personas que desean llegar a su mercado meta.\" \/>\n<meta property=\"og:url\" content=\"https:\/\/nelsonrazo.com\/branding\/sobremi\/\" \/>\n<meta property=\"og:site_name\" content=\"Nelson Razo | Branding Expert\" \/>\n<meta property=\"article:modified_time\" content=\"2024-01-17T05:34:15+00:00\" \/>\n<meta name=\"twitter:card\" content=\"summary_large_image\" \/>\n<meta name=\"twitter:label1\" content=\"Tiempo de lectura\" \/>\n\t<meta name=\"twitter:data1\" content=\"2 minutos\" \/>\n<script type=\"application\/ld+json\" class=\"yoast-schema-graph\">{\"@context\":\"https:\\\/\\\/schema.org\",\"@graph\":[{\"@type\":\"WebPage\",\"@id\":\"https:\\\/\\\/nelsonrazo.com\\\/branding\\\/sobremi\\\/\",\"url\":\"https:\\\/\\\/nelsonrazo.com\\\/branding\\\/sobremi\\\/\",\"name\":\"Sobre Mi - Nelson Razo | Branding Expert\",\"isPartOf\":{\"@id\":\"https:\\\/\\\/nelsonrazo.com\\\/branding\\\/#website\"},\"primaryImageOfPage\":{\"@id\":\"https:\\\/\\\/nelsonrazo.com\\\/branding\\\/sobremi\\\/#primaryimage\"},\"image\":{\"@id\":\"https:\\\/\\\/nelsonrazo.com\\\/branding\\\/sobremi\\\/#primaryimage\"},\"thumbnailUrl\":\"\",\"datePublished\":\"2015-09-23T14:44:50+00:00\",\"dateModified\":\"2024-01-17T05:34:15+00:00\",\"description\":\"Soy Dise\u00f1ador Gr\u00e1fico especializado en Branding, Marketing Digital y Comunicaci\u00f3n Institucional. Desde hace 20 a\u00f1os desarrollo sitios web, estrategias y campa\u00f1as para productos, empresas y personas que desean llegar a su mercado meta.\",\"breadcrumb\":{\"@id\":\"https:\\\/\\\/nelsonrazo.com\\\/branding\\\/sobremi\\\/#breadcrumb\"},\"inLanguage\":\"es\",\"potentialAction\":[{\"@type\":\"ReadAction\",\"target\":[\"https:\\\/\\\/nelsonrazo.com\\\/branding\\\/sobremi\\\/\"]}]},{\"@type\":\"ImageObject\",\"inLanguage\":\"es\",\"@id\":\"https:\\\/\\\/nelsonrazo.com\\\/branding\\\/sobremi\\\/#primaryimage\",\"url\":\"\",\"contentUrl\":\"\"},{\"@type\":\"BreadcrumbList\",\"@id\":\"https:\\\/\\\/nelsonrazo.com\\\/branding\\\/sobremi\\\/#breadcrumb\",\"itemListElement\":[{\"@type\":\"ListItem\",\"position\":1,\"name\":\"Portada\",\"item\":\"https:\\\/\\\/nelsonrazo.com\\\/branding\\\/\"},{\"@type\":\"ListItem\",\"position\":2,\"name\":\"Sobre Mi\"}]},{\"@type\":\"WebSite\",\"@id\":\"https:\\\/\\\/nelsonrazo.com\\\/branding\\\/#website\",\"url\":\"https:\\\/\\\/nelsonrazo.com\\\/branding\\\/\",\"name\":\"Nelson Razo | Branding Expert\",\"description\":\"Experto en Branding y Marketing Digital\",\"publisher\":{\"@id\":\"https:\\\/\\\/nelsonrazo.com\\\/branding\\\/#\\\/schema\\\/person\\\/ceb6f312abbbc713f92923cc55955221\"},\"alternateName\":\"Nelson Razo | Experto en Branding\",\"potentialAction\":[{\"@type\":\"SearchAction\",\"target\":{\"@type\":\"EntryPoint\",\"urlTemplate\":\"https:\\\/\\\/nelsonrazo.com\\\/branding\\\/?s={search_term_string}\"},\"query-input\":{\"@type\":\"PropertyValueSpecification\",\"valueRequired\":true,\"valueName\":\"search_term_string\"}}],\"inLanguage\":\"es\"},{\"@type\":[\"Person\",\"Organization\"],\"@id\":\"https:\\\/\\\/nelsonrazo.com\\\/branding\\\/#\\\/schema\\\/person\\\/ceb6f312abbbc713f92923cc55955221\",\"name\":\"branding\",\"image\":{\"@type\":\"ImageObject\",\"inLanguage\":\"es\",\"@id\":\"https:\\\/\\\/nelsonrazo.com\\\/branding\\\/wp-content\\\/uploads\\\/sites\\\/3\\\/2024\\\/01\\\/nelsonrazo_branding.png\",\"url\":\"https:\\\/\\\/nelsonrazo.com\\\/branding\\\/wp-content\\\/uploads\\\/sites\\\/3\\\/2024\\\/01\\\/nelsonrazo_branding.png\",\"contentUrl\":\"https:\\\/\\\/nelsonrazo.com\\\/branding\\\/wp-content\\\/uploads\\\/sites\\\/3\\\/2024\\\/01\\\/nelsonrazo_branding.png\",\"width\":400,\"height\":97,\"caption\":\"branding\"},\"logo\":{\"@id\":\"https:\\\/\\\/nelsonrazo.com\\\/branding\\\/wp-content\\\/uploads\\\/sites\\\/3\\\/2024\\\/01\\\/nelsonrazo_branding.png\"}}]}<\/script>\n<!-- \/ Yoast SEO plugin. -->","yoast_head_json":{"title":"Sobre Mi - Nelson Razo | Branding Expert","description":"Soy Dise\u00f1ador Gr\u00e1fico especializado en Branding, Marketing Digital y Comunicaci\u00f3n Institucional. Desde hace 20 a\u00f1os desarrollo sitios web, estrategias y campa\u00f1as para productos, empresas y personas que desean llegar a su mercado meta.","robots":{"index":"index","follow":"follow","max-snippet":"max-snippet:-1","max-image-preview":"max-image-preview:large","max-video-preview":"max-video-preview:-1"},"canonical":"https:\/\/nelsonrazo.com\/branding\/sobremi\/","og_locale":"es_ES","og_type":"article","og_title":"Sobre Mi - Nelson Razo | Branding Expert","og_description":"Soy Dise\u00f1ador Gr\u00e1fico especializado en Branding, Marketing Digital y Comunicaci\u00f3n Institucional. Desde hace 20 a\u00f1os desarrollo sitios web, estrategias y campa\u00f1as para productos, empresas y personas que desean llegar a su mercado meta.","og_url":"https:\/\/nelsonrazo.com\/branding\/sobremi\/","og_site_name":"Nelson Razo | Branding Expert","article_modified_time":"2024-01-17T05:34:15+00:00","twitter_card":"summary_large_image","twitter_misc":{"Tiempo de lectura":"2 minutos"},"schema":{"@context":"https:\/\/schema.org","@graph":[{"@type":"WebPage","@id":"https:\/\/nelsonrazo.com\/branding\/sobremi\/","url":"https:\/\/nelsonrazo.com\/branding\/sobremi\/","name":"Sobre Mi - Nelson Razo | Branding Expert","isPartOf":{"@id":"https:\/\/nelsonrazo.com\/branding\/#website"},"primaryImageOfPage":{"@id":"https:\/\/nelsonrazo.com\/branding\/sobremi\/#primaryimage"},"image":{"@id":"https:\/\/nelsonrazo.com\/branding\/sobremi\/#primaryimage"},"thumbnailUrl":"","datePublished":"2015-09-23T14:44:50+00:00","dateModified":"2024-01-17T05:34:15+00:00","description":"Soy Dise\u00f1ador Gr\u00e1fico especializado en Branding, Marketing Digital y Comunicaci\u00f3n Institucional. Desde hace 20 a\u00f1os desarrollo sitios web, estrategias y campa\u00f1as para productos, empresas y personas que desean llegar a su mercado meta.","breadcrumb":{"@id":"https:\/\/nelsonrazo.com\/branding\/sobremi\/#breadcrumb"},"inLanguage":"es","potentialAction":[{"@type":"ReadAction","target":["https:\/\/nelsonrazo.com\/branding\/sobremi\/"]}]},{"@type":"ImageObject","inLanguage":"es","@id":"https:\/\/nelsonrazo.com\/branding\/sobremi\/#primaryimage","url":"","contentUrl":""},{"@type":"BreadcrumbList","@id":"https:\/\/nelsonrazo.com\/branding\/sobremi\/#breadcrumb","itemListElement":[{"@type":"ListItem","position":1,"name":"Portada","item":"https:\/\/nelsonrazo.com\/branding\/"},{"@type":"ListItem","position":2,"name":"Sobre Mi"}]},{"@type":"WebSite","@id":"https:\/\/nelsonrazo.com\/branding\/#website","url":"https:\/\/nelsonrazo.com\/branding\/","name":"Nelson Razo | Branding Expert","description":"Experto en Branding y Marketing Digital","publisher":{"@id":"https:\/\/nelsonrazo.com\/branding\/#\/schema\/person\/ceb6f312abbbc713f92923cc55955221"},"alternateName":"Nelson Razo | Experto en Branding","potentialAction":[{"@type":"SearchAction","target":{"@type":"EntryPoint","urlTemplate":"https:\/\/nelsonrazo.com\/branding\/?s={search_term_string}"},"query-input":{"@type":"PropertyValueSpecification","valueRequired":true,"valueName":"search_term_string"}}],"inLanguage":"es"},{"@type":["Person","Organization"],"@id":"https:\/\/nelsonrazo.com\/branding\/#\/schema\/person\/ceb6f312abbbc713f92923cc55955221","name":"branding","image":{"@type":"ImageObject","inLanguage":"es","@id":"https:\/\/nelsonrazo.com\/branding\/wp-content\/uploads\/sites\/3\/2024\/01\/nelsonrazo_branding.png","url":"https:\/\/nelsonrazo.com\/branding\/wp-content\/uploads\/sites\/3\/2024\/01\/nelsonrazo_branding.png","contentUrl":"https:\/\/nelsonrazo.com\/branding\/wp-content\/uploads\/sites\/3\/2024\/01\/nelsonrazo_branding.png","width":400,"height":97,"caption":"branding"},"logo":{"@id":"https:\/\/nelsonrazo.com\/branding\/wp-content\/uploads\/sites\/3\/2024\/01\/nelsonrazo_branding.png"}}]}},"jetpack_shortlink":"https:\/\/wp.me\/PfweVl-8A","jetpack_sharing_enabled":true,"_links":{"self":[{"href":"https:\/\/nelsonrazo.com\/branding\/wp-json\/wp\/v2\/pages\/532","targetHints":{"allow":["GET"]}}],"collection":[{"href":"https:\/\/nelsonrazo.com\/branding\/wp-json\/wp\/v2\/pages"}],"about":[{"href":"https:\/\/nelsonrazo.com\/branding\/wp-json\/wp\/v2\/types\/page"}],"author":[{"embeddable":true,"href":"https:\/\/nelsonrazo.com\/branding\/wp-json\/wp\/v2\/users\/3"}],"replies":[{"embeddable":true,"href":"https:\/\/nelsonrazo.com\/branding\/wp-json\/wp\/v2\/comments?post=532"}],"version-history":[{"count":1,"href":"https:\/\/nelsonrazo.com\/branding\/wp-json\/wp\/v2\/pages\/532\/revisions"}],"predecessor-version":[{"id":1332,"href":"https:\/\/nelsonrazo.com\/branding\/wp-json\/wp\/v2\/pages\/532\/revisions\/1332"}],"wp:featuredmedia":[{"embeddable":true,"href":"https:\/\/nelsonrazo.com\/branding\/wp-json\/"}],"wp:attachment":[{"href":"https:\/\/nelsonrazo.com\/branding\/wp-json\/wp\/v2\/media?parent=532"}],"curies":[{"name":"wp","href":"https:\/\/api.w.org\/{rel}","templated":true}]}}